{"id":1006,"date":"2013-03-05T17:41:55","date_gmt":"2013-03-05T16:41:55","guid":{"rendered":"http:\/\/www.lavalledimenticata.it\/i-dintorni-2\/"},"modified":"2014-04-10T15:45:33","modified_gmt":"2014-04-10T13:45:33","slug":"die-umgebung","status":"publish","type":"page","link":"https:\/\/www.lavalledimenticata.it\/de\/die-umgebung\/","title":{"rendered":"Die Umgebung"},"content":{"rendered":"<p style=\"text-align: center;\"><img loading=\"lazy\" decoding=\"async\" class=\"wp-image-1435 aligncenter\" style=\"width: 745px; height: 416px;\" alt=\"cartina urbania\" src=\"http:\/\/www.lavalledimenticata.it\/wp-content\/uploads\/2014\/03\/cartina-urbania.jpg\" width=\"444\" height=\"330\" srcset=\"https:\/\/www.lavalledimenticata.it\/wp-content\/uploads\/2014\/03\/cartina-urbania.jpg 444w, https:\/\/www.lavalledimenticata.it\/wp-content\/uploads\/2014\/03\/cartina-urbania-300x222.jpg 300w\" sizes=\"(max-width: 444px) 100vw, 444px\" \/><\/p>\n<p>&nbsp;<\/p>\n<div class='one_third'>\n\t\t\t\t\t<div id=\"attachment_418\" style=\"width: 305px\" class=\"wp-caption alignnone\"><img loading=\"lazy\" decoding=\"async\" aria-describedby=\"caption-attachment-418\" class=\"size-full wp-image-418\" alt=\"urbino-th\" src=\"http:\/\/www.lavalledimenticata.it\/wp-content\/uploads\/2013\/03\/urbino-th.jpg\" width=\"295\" height=\"218\" \/><p id=\"caption-attachment-418\" class=\"wp-caption-text\">URBINO 15 KM<\/p><\/div>\n\t\t\t\t<\/div>\n<div class='one_half last'>\n\t\t\t\t\t<div class='et-box et-download'>\n\t\t\t\t\t<div class='et-box-content'>Die Stadt <strong>Urbino<\/strong>, in einer Panorama-Lage, ruht auf zwei H\u00fcgeln, zwischen den H\u00e4usern pr\u00e4chtigen Pal\u00e4sten,\u00a0steilen Stra\u00dfen und interessanten historischen und k\u00fcnstlerischen Sch\u00e4tze, die sie Stadt in der ganzen Welt ber\u00fchmt machen. Ein Teil des Herzogtums Montefeltro-Familie erlebte seine\u00a0Bl\u00fctezeit im Bereich der Philanthropie und der K\u00fcnste mit Federico da Montefeltro II (1422-1482). An dem\u00a0Hof lebten und arbeiteten gro\u00dfen K\u00fcnstler, Schriftsteller, Wissenschaftler und ber\u00fchmte Pers\u00f6nlichkeiten der Zeit, wie z.B. Piero della Francesca, Leon Battista Alberti, Francesco di Giorgio Martini und\u00a0Luciano Laurana, so dass wichtige Zeichen ihres Durchgangs im ausgezeichneten <em>Palazzo Ducale <\/em>hinterlassen wurden, insbesondere,\u00a0die als Symbol betrachtete Spuren von Frederick und seiner Frau Battista Sforza. Im Jahre 1483 wurde Urbino der Geburtsort von <em>Raphael<\/em>, bekannt als einer der ber\u00fchmtesten Maler und Architekten der italienischen Renaissance.<\/div><\/div>\n\t\t\t\t<\/div><div class='clear'><\/div>\n<p>&nbsp;<\/p>\n<div class='one_third'>\n\t\t\t\t\t<div id=\"attachment_467\" style=\"width: 305px\" class=\"wp-caption alignnone\"><img loading=\"lazy\" decoding=\"async\" aria-describedby=\"caption-attachment-467\" class=\"size-full wp-image-467\" alt=\"urbania\" src=\"http:\/\/www.lavalledimenticata.it\/wp-content\/uploads\/2013\/03\/urbania.jpg\" width=\"295\" height=\"218\" \/><p id=\"caption-attachment-467\" class=\"wp-caption-text\">URBANIA 5 KM<\/p><\/div>\n\t\t\t\t<\/div>\n<div class='one_half last'>\n\t\t\t\t\t<div class='et-box et-download'>\n\t\t\t\t\t<div class='et-box-content'><strong>Urbania<\/strong>,\u00a0alte Casteldurante\u00a0von Herzogtum von Urbino, liegt im gr\u00fcnen Tal des Flusses <em>Metauro.\u00a0<\/em>Die Herz\u00f6ge von Montefeltro Della Rovere betrachteten Urbania als\u00a0&#8222;Ort der Gen\u00fcsse&#8220;, und\u00a0bauten eine besondere Stra\u00dfe, welche aus Urbino Richtung Urbania in drei Stunden zu erreichen erlaubt.\u00a0Francesco Maria Della Rovere III lebte\u00a0und starb\u00a0im Jahre 1637 in Urbania und so endete\u00a0das Herzogtum. Die Stadt wurde\u00a0von den p\u00e4pstlichen Staaten \u00fcberomen und nahm ihren heutigen Namen zu Ehren von Papst Urbano VIII. In der Zeit\u00a0war Urbania\u00a0f\u00fcr die Kunst der Keramik, die\u00a0besonders in der gesamten\u00a0&#8218;500 bl\u00fchend war, bekannt.\u00a0Zu besichtigen ist besonders empfehlenswert:\u00a0der Herzogspalast, das Stadtmuseum, die Kathedrale, die\u00a0Kirche der Toten, das Di\u00f6zesanmuseum, und das Museum des Herzoglichen Parks.<\/div><\/div>\n\t\t\t\t<\/div><div class='clear'><\/div>\n<p>&nbsp;<\/p>\n<div class='one_third'>\n\t\t\t\t\t<div id=\"attachment_469\" style=\"width: 305px\" class=\"wp-caption alignnone\"><img loading=\"lazy\" decoding=\"async\" aria-describedby=\"caption-attachment-469\" class=\"size-full wp-image-469\" alt=\"GUBBIO 55 KM\" src=\"http:\/\/www.lavalledimenticata.it\/wp-content\/uploads\/2013\/03\/gubbio.jpg\" width=\"295\" height=\"198\" srcset=\"https:\/\/www.lavalledimenticata.it\/wp-content\/uploads\/2013\/03\/gubbio.jpg 295w, https:\/\/www.lavalledimenticata.it\/wp-content\/uploads\/2013\/03\/gubbio-140x94.jpg 140w\" sizes=\"(max-width: 295px) 100vw, 295px\" \/><p id=\"caption-attachment-469\" class=\"wp-caption-text\">GUBBIO 55 KM<\/p><\/div>\n\t\t\t\t<\/div>\n<div class='one_half last'>\n\t\t\t\t\t<div class='et-box et-download'>\n\t\t\t\t\t<div class='et-box-content'>Kraftvoll und reich, am Ende des vierzehnten Jahrhunderts wurde<strong> Gubbio<\/strong><em>\u00a0<\/em>ein Lehen des Montefeltro von Urbino. Nach einer Zeit\u00a0des Niedergangs, im Jahre 1624 wurde\u00a0Gubbio, zusammen mit dem Herzogtum Urbino, ein Teil des Kirchenstaats. Die Stadt liegt entlang der\u00a0gro\u00dfen horizontalen Streifen, an den H\u00e4ngen des <em>Monte Ingino.<\/em> Sie verf\u00fcgt \u00fcber eines der am besten erhaltenen mittelalterlichen historischen Zentren in der Welt. In der unteren Ebene liegen\u00a0die \u00dcberreste der r\u00f6mischen Stadt, das r\u00f6mische Theater aus dem ersten Jahrhundert. n.Chr. und sch\u00f6ne Mosaiken.<\/div><\/div>\n\t\t\t\t<\/div><div class='clear'><\/div>\n<p>&nbsp;<\/p>\n<div class='one_third'>\n\t\t\t\t\t<div id=\"attachment_470\" style=\"width: 305px\" class=\"wp-caption alignnone\"><img loading=\"lazy\" decoding=\"async\" aria-describedby=\"caption-attachment-470\" class=\"size-full wp-image-470\" alt=\"GORGE FURLO 25 KM\" src=\"http:\/\/www.lavalledimenticata.it\/wp-content\/uploads\/2013\/03\/furlo.jpg\" width=\"295\" height=\"221\" \/><p id=\"caption-attachment-470\" class=\"wp-caption-text\">GORGE FURLO 25 KM<\/p><\/div>\n\t\t\t\t<\/div>\n<div class='one_half last'>\n\t\t\t\t\t<div class='et-box et-download'>\n\t\t\t\t\t<div class='et-box-content'>In einer wilden unber\u00fchrten Natur befindet sich die\u00a0ber\u00fchmte <strong>Gola del Furlo<\/strong>, eine schmale\u00a0Schlucht ausgegraben durch die Erosion des Flusses <em>Candigliano. <\/em>Diese Schlucht schleicht sich unter den steilen H\u00e4ngen der Berge\u00a0<em>Pietralata<\/em> und <em>Paganuccio.<\/em> Sie wurde bereits in der\u00a0r\u00f6mischer Zeit durch gequert\u00a0(es war ein St\u00fcck der alten <em>Via Flaminia<\/em>) und hier wurde\u00a0im Jahre 76 n.Chr. Von\u00a0Kaiser Vespasian das &#8222;<em>Forulus&#8220; <\/em>ausgegraben, eine Galerie, die heute noch existiert und den gleichen Namen hat.\u00a0Das Gebiet ist als Naturschutzgebiet gesch\u00fctzt und ist von\u00a0gro\u00dfem geologischem und landschaftlichem Interesse.<\/div><\/div>\n\t\t\t\t<\/div><div class='clear'><\/div>\n<p>&nbsp;<\/p>\n<div class='one_third'>\n\t\t\t\t\t<div id=\"attachment_471\" style=\"width: 305px\" class=\"wp-caption alignnone\"><img loading=\"lazy\" decoding=\"async\" aria-describedby=\"caption-attachment-471\" class=\"size-full wp-image-471\" alt=\"SAN LEO 45 KM\" src=\"http:\/\/www.lavalledimenticata.it\/wp-content\/uploads\/2013\/03\/sanleo.jpg\" width=\"295\" height=\"221\" \/><p id=\"caption-attachment-471\" class=\"wp-caption-text\">SAN LEO 45 KM<\/p><\/div>\n\t\t\t\t<\/div>\n<div class='one_half last'>\n\t\t\t\t\t<div class='et-box et-download'>\n\t\t\t\t\t<div class='et-box-content'><strong>San Leo<\/strong> steht auf den Felsen\u00a0wundersch\u00f6nen Lage.\u00a0Dieser Ort wurde von den Antiken als heilig betrachtet und bezeichnet den Beginn der Herrschaft der Herz\u00f6ge von Montefeltro. Au\u00dferdem\u00a0im Jahre 1231 erhielt St. Francesco als Geschenk das <em>Monte della Verna<\/em>. Die politisch-milit\u00e4rische Macht von San Leo h\u00f6rte im Jahre 1631 auf als die\u00a0herzogliche Familie aus Urbino verschwand und das Gebiet an den Kirchenstaat \u00fcbergeben wurde. Aus der Burg wurde ein\u00a0ber\u00fchmten Gef\u00e4ngnis, geschlossen\u00a0Anfang der 900, wo Cagliostro bis zu seinem Tod in 1795 eingesperrt wurde.<\/div><\/div>\n\t\t\t\t<\/div><div class='clear'><\/div>\n<p>&nbsp;<\/p>\n<div class='one_third'>\n\t\t\t\t\t<div id=\"attachment_472\" style=\"width: 305px\" class=\"wp-caption alignnone\"><img loading=\"lazy\" decoding=\"async\" aria-describedby=\"caption-attachment-472\" class=\"size-full wp-image-472\" alt=\"SAN MARINO 65 KM\" src=\"http:\/\/www.lavalledimenticata.it\/wp-content\/uploads\/2013\/03\/sanmarino.jpg\" width=\"295\" height=\"220\" \/><p id=\"caption-attachment-472\" class=\"wp-caption-text\">SAN MARINO 65 KM<\/p><\/div>\n\t\t\t\t<\/div>\n<div class='one_half last'>\n\t\t\t\t\t<div class='et-box et-download'>\n\t\t\t\t\t<div class='et-box-content'><strong>San Marino<\/strong>, die kleinste und \u00e4lteste Republik der Welt, befindet sich auf den westlichen H\u00e4ngen des <em>Monte Titano <\/em>und\u00a0wird von der <em>Rocca,<\/em> der <em>Basilika<\/em> und vielen Geb\u00e4uden, die in 900 umgebaut wurden, dominiert. Das Zentrum hat\u00a0immer noch ein angenehmes mittelalterliches Flair, mit Steinh\u00e4usern,\u00a0Dachg\u00e4rten, kleinen Gem\u00fcseg\u00e4rten, steilen Gassen\u00a0manchmal mit\u00a0Treppen und kleinen\u00a0unregelm\u00e4\u00dfigen Pl\u00e4tzen. Aus jedem Winkel ist es m\u00f6glich ein herrliches Panorama zu\u00a0 genie\u00dfen. Die Altstadt ist von den W\u00e4nden der &#8218;500, auf fr\u00fcheren Mauern gebaut, umgeben.<\/div><\/div>\n\t\t\t\t<\/div><div class='clear'><\/div>\n<p>&nbsp;<\/p>\n<div class='one_third'>\n\t\t\t\t\t<div id=\"attachment_474\" style=\"width: 305px\" class=\"wp-caption alignnone\"><img loading=\"lazy\" decoding=\"async\" aria-describedby=\"caption-attachment-474\" class=\"size-full wp-image-474\" alt=\"RIMINI 65 KM\" src=\"http:\/\/www.lavalledimenticata.it\/wp-content\/uploads\/2013\/03\/rimini.jpg\" width=\"295\" height=\"221\" \/><p id=\"caption-attachment-474\" class=\"wp-caption-text\">RIMINI 65 KM<\/p><\/div>\n\t\t\t\t<\/div>\n<div class='one_half last'>\n\t\t\t\t\t<div class='et-box et-download'>\n\t\t\t\t\t<div class='et-box-content'>Die <em>Riviera\u00a0romagnola <\/em>streckt sich von <em>Cattolica<\/em> bis <em>Milano Marittima<\/em>\u00a0\u00fcber <em>Riccione<\/em>, <em><strong>Rimini<\/strong><\/em> und <em>Cesenatico <\/em>und hat zwei v\u00f6llig verschiedene Facetten: eine sommerurlaublichen Seite mit Hotels, Pensionen und langen N\u00e4chte besonders f\u00fcr junge Leute und eine andere ruhige winterliche Facette mit\u00a0monumentalen Zentrum von Rimini, das viele\u00a0Spuren der Malatesta und\u00a0mittelalterlichen Vergangenheit\u00a0beibeh\u00e4lt. Im Sommer an der K\u00fcste entlang ist\u00a0alles nach Tag und Nacht organisiert, denn unendlich viele M\u00f6glichkeiten f\u00fcr Unterhaltung, Sport und Kultur stehen in Programm, u.a. Freizeitparks, Theater, Messen, M\u00e4rkte, Einkaufszentren, Cocktails und Konzerte der klassischen Musik am Strand bis zum Sonnenaufgang.<\/div><\/div>\n\t\t\t\t<\/div><div class='clear'><\/div>\n<p>&nbsp;<\/p>\n<div class='one_third'>\n\t\t\t\t\t<div id=\"attachment_475\" style=\"width: 305px\" class=\"wp-caption alignnone\"><img loading=\"lazy\" decoding=\"async\" aria-describedby=\"caption-attachment-475\" class=\"size-full wp-image-475\" alt=\"GRADARA 49 KM\" src=\"http:\/\/www.lavalledimenticata.it\/wp-content\/uploads\/2013\/03\/gradara.jpg\" width=\"295\" height=\"221\" \/><p id=\"caption-attachment-475\" class=\"wp-caption-text\">GRADARA 49 KM<\/p><\/div>\n\t\t\t\t<\/div>\n<div class='one_half last'>\n\t\t\t\t\t<div class='et-box et-download'>\n\t\t\t\t\t<div class='et-box-content'>Nur drei Kilometer\u00a0vom Meer von <em>Gabicce<\/em>, in herrlicher Panoramalage, befindet sich das mittelalterliche Dorf\u00a0<strong>Gradara<\/strong>, von Mauern umgeben\u00a0und T\u00fcrmen verst\u00e4rkt, die in der ber\u00fchmten <em>Rocca Malatesta<\/em> gipfeln. Die Legende besagt, dass hier\u00a0das Drama von <em>Paolo\u00a0e Francesca<\/em> stattfand, Liebhaber von <em>Dante in Canto V dell&#8217;Inferno<\/em>\u00a0zelebriert\u00a0und get\u00f6tet von\u00a0Francescas Ehemann, <em>Gianciotto Malatesta<\/em>.<\/div><\/div>\n\t\t\t\t<\/div><div class='clear'><\/div>\n<p>&nbsp;<\/p>\n<div class='one_third'>\n\t\t\t\t\t<div id=\"attachment_476\" style=\"width: 305px\" class=\"wp-caption alignnone\"><img loading=\"lazy\" decoding=\"async\" aria-describedby=\"caption-attachment-476\" class=\"size-full wp-image-476\" alt=\"SASSO SIMONE 35 KM\" src=\"http:\/\/www.lavalledimenticata.it\/wp-content\/uploads\/2013\/03\/sasso-simone-e-simoncello.jpg\" width=\"295\" height=\"221\" \/><p id=\"caption-attachment-476\" class=\"wp-caption-text\">SASSO SIMONE 35 KM<\/p><\/div>\n\t\t\t\t<\/div>\n<div class='one_half last'>\n\t\t\t\t\t<div class='et-box et-download'>\n\t\t\t\t\t<div class='et-box-content'>Auf dem <em>Appennino<\/em> befindet sich\u00a0der Park von <strong>Sasso Simone\u00a0e Simoncello<\/strong>, wo Kiefern, Eichen und jahrhundertealten B\u00e4umen melodisch hinauf zu den Ruinen der mittelalterlichen Stadtbefestigung klettern. Die Parkverwaltung bietet Orientierung und Beratung, um diesen unber\u00fchrten Ort zu\u00a0erleben. An den\u00a0W\u00e4nden mehrerer Vorgebirgen k\u00f6nnen\u00a0Sie Bergsteigen\u00a0\u00fcben.<\/div><\/div>\n\t\t\t\t<\/div><div class='clear'><\/div>\n<p>&nbsp;<\/p>\n<div class='one_third'>\n\t\t\t\t\t<div id=\"attachment_477\" style=\"width: 305px\" class=\"wp-caption alignnone\"><img loading=\"lazy\" decoding=\"async\" aria-describedby=\"caption-attachment-477\" class=\"size-full wp-image-477\" alt=\"FANO und ADRIA 50 KM\" src=\"http:\/\/www.lavalledimenticata.it\/wp-content\/uploads\/2013\/03\/fano.jpg\" width=\"295\" height=\"221\" \/><p id=\"caption-attachment-477\" class=\"wp-caption-text\">FANO und ADRIA 50 KM<\/p><\/div>\n\t\t\t\t<\/div>\n<div class='one_half last'>\n\t\t\t\t\t<div class='et-box et-download'>\n\t\t\t\t\t<div class='et-box-content'>Erinnert Euch als <em>Fanum Fortunae<\/em> in 49 BC w\u00e4hrend der Besetzung von Caesar eine Kolonie wurde. Von der r\u00f6mischen <strong>Fano<\/strong>\u00a0\u00a0die W\u00e4nde von <em>Augustus,<\/em>\u00a0die teilweise die Stadt und den intakten Bogen des Augustus umschlie\u00dfen , besonders bemerkenswert.\u00a0Bereits ein wichtiger Hafen entlang der <em>Via Flaminia<\/em>, Fano ist heute ein charmanter\u00a0Badeort. Wichtige arch\u00e4ologische Ausgrabungen der letzten Jahre bringen andere\u00a0wichtige Ruinen aus der\u00a0R\u00f6merzeit zutage. In Fano findet man den\u00a0\u00e4ltesten Karneval\u00a0Italiens:\u00a0Maskeraden, Musik und tonnenweise\u00a0S\u00fc\u00dfigkeiten f\u00fcr ein einzigartiges und unvergessliches Erlebnis.<\/div><\/div>\n\t\t\t\t<\/div><div class='clear'><\/div>\n<p>&nbsp;<\/p>\n<div class='one_third'>\n\t\t\t\t\t<div id=\"attachment_479\" style=\"width: 305px\" class=\"wp-caption alignnone\"><img loading=\"lazy\" decoding=\"async\" aria-describedby=\"caption-attachment-479\" class=\"size-full wp-image-479\" alt=\"PARKANLAGEN Adriak\u00fcste 55 KM\" src=\"http:\/\/www.lavalledimenticata.it\/wp-content\/uploads\/2013\/03\/rivieradeiparchi.jpg\" width=\"295\" height=\"148\" \/><p id=\"caption-attachment-479\" class=\"wp-caption-text\">PARKANLAGEN Adriak\u00fcste 55 KM<\/p><\/div>\n\t\t\t\t<\/div>\n<div class='one_half last'>\n\t\t\t\t\t<div class='et-box et-download'>\n\t\t\t\t\t<div class='et-box-content'>Die Vergn\u00fcgungsparks\u00a0Riviera Romagnola,\u00a0ber\u00fchmt f\u00fcr Unterhaltung und Gastfreundschaft, findet man im Gebiet von Ravenna, Rimini, Riccione und Cattolica.\u00a0Die Einrichtungen, nicht weit weg von\u00a0einander,\u00a0bieten dem Besucher\u00a0eine einzigartige Reihe von Emotionen: von einem Besuch in den sch\u00f6nen Pools des <strong>Acquario\u00a0di Cattolica<\/strong> bis zu einem Sprung in den wundersch\u00f6nen Rutschbahnen\u00a0von <strong>Aquafan<\/strong>. Die Freizeitparks in Rimini bieten Ihnen sowohl die magischen Parks von <strong>Fiabilandia<\/strong> und <strong>Mirabilandia<\/strong> als auch die wundersch\u00f6nen\u00a0Reproduktionen von <strong>Italia in Miniatura<\/strong>. Und schlie\u00dflich ein Besuch in <strong>Oltremare<\/strong>, die aufregendste Hommage an unser Meer und unseren Planeten, ist empfehlenswert.<\/div><\/div>\n\t\t\t\t<\/div><div class='clear'><\/div>\n<p>&nbsp;<\/p>\n<div class='one_third'>\n\t\t\t\t\t<div id=\"attachment_480\" style=\"width: 305px\" class=\"wp-caption alignnone\"><img loading=\"lazy\" decoding=\"async\" aria-describedby=\"caption-attachment-480\" class=\"size-full wp-image-480\" alt=\"LORETO 125 KM\" src=\"http:\/\/www.lavalledimenticata.it\/wp-content\/uploads\/2013\/03\/loreto.jpg\" width=\"295\" height=\"249\" \/><p id=\"caption-attachment-480\" class=\"wp-caption-text\">LORETO 125 KM<\/p><\/div>\n\t\t\t\t<\/div>\n<div class='one_half last'>\n\t\t\t\t\t<div class='et-box et-download'>\n\t\t\t\t\t<div class='et-box-content'><strong>Loreto<\/strong> ist einer der wichtigsten Orte der Marienkultes, der auf einem H\u00fcgel in einer Panorama-Lage steht. Jedes Jahr ist es ein Wallfahrtsort von Tausenden von Besuchern und Gl\u00e4ubigen, anwesend f\u00fcr die\u00a0ber\u00fchmte Wallfahrtskirche der <em>Santa Casa<\/em>. Die majest\u00e4tische und beeindruckende <em>Piazza della Madonna<\/em> wird von der Fassade des Heiligtums dominiert.<\/div><\/div>\n\t\t\t\t<\/div><div class='clear'><\/div>\n<p>&nbsp;<\/p>\n<div class='one_third'>\n\t\t\t\t\t<div id=\"attachment_481\" style=\"width: 305px\" class=\"wp-caption alignnone\"><img loading=\"lazy\" decoding=\"async\" aria-describedby=\"caption-attachment-481\" class=\"size-full wp-image-481\" alt=\"GROTTE DI FRASASSI 60 KM\" src=\"http:\/\/www.lavalledimenticata.it\/wp-content\/uploads\/2013\/03\/frasassi.jpg\" width=\"295\" height=\"196\" srcset=\"https:\/\/www.lavalledimenticata.it\/wp-content\/uploads\/2013\/03\/frasassi.jpg 295w, https:\/\/www.lavalledimenticata.it\/wp-content\/uploads\/2013\/03\/frasassi-140x94.jpg 140w\" sizes=\"(max-width: 295px) 100vw, 295px\" \/><p id=\"caption-attachment-481\" class=\"wp-caption-text\">FRASASSI 60 KM<\/p><\/div>\n\t\t\t\t<\/div>\n<div class='one_half last'>\n\t\t\t\t\t<div class='et-box et-download'>\n\t\t\t\t\t<div class='et-box-content'>F\u00fcnfzehn Kilometer von <em>Fabriano<\/em> entfernt befinden sich die spektakul\u00e4ren <strong>grotte di Frasassi,<\/strong> versteckt\u00a0in der gleichnamigen\u00a0Schlucht auf einem\u00a0einfachen und zug\u00e4nglichen Weg von etwa 1600 Meter: eine au\u00dfergew\u00f6hnliche und spannende Reise in die Tiefen der\u00a0Erde, unter Stalaktiten und Stalagmiten und\u00a0beeindruckenden\u00a0nat\u00fcrlichen H\u00f6hlen. Nach Ansicht von Experten handelt\u00a0es um eines der wichtigsten spel\u00e4ologischen Gebiete Europas. Die W\u00e4nde sind mit kristallinen Konkretionen, von au\u00dfergew\u00f6hnlicher Transparenz und Vielfalt von Formen und Farben bedeckt. Es ist wie eine irreale\u00a0 Landschaft, die nie aufh\u00f6rt den Zuschauer\u00a0zu \u00fcberraschen\u00a0durch kontinuierlich neue Szenarien und durchaus\u00a0beeindruckende\u00a0 R\u00e4ume:\u00a0der Abgrund von <em>Ancona<\/em> ist\u00a0240 m hoch\u00a0180m lang.<\/div><\/div>\n\t\t\t\t<\/div><div class='clear'><\/div>\n<p>&nbsp;<\/p>\n<div class='one_third'>\n\t\t\t\t\t<div id=\"attachment_482\" style=\"width: 305px\" class=\"wp-caption alignnone\"><img loading=\"lazy\" decoding=\"async\" aria-describedby=\"caption-attachment-482\" class=\"size-full wp-image-482\" alt=\"ASSISI 100 KM\" src=\"http:\/\/www.lavalledimenticata.it\/wp-content\/uploads\/2013\/03\/assisi.jpg\" width=\"295\" height=\"221\" \/><p id=\"caption-attachment-482\" class=\"wp-caption-text\">ASSISI 100 KM<\/p><\/div>\n\t\t\t\t<\/div>\n<div class='one_half last'>\n\t\t\t\t\t<div class='et-box et-download'>\n\t\t\t\t\t<div class='et-box-content'>Nur 10 km von <em>Perugia<\/em> entfernt befindet sich die\u00a0Basilika von <strong>Assisi<\/strong>.\u00a0Obligatorisches Ziel f\u00fcr den internationalen Tourismus,\u00a0Assisi liegt in einer nat\u00fcrlichen Umgebung von gro\u00dfem \u00f6kologischem Wert und\u00a0durchzogen von einer intensiven spirituellen Atmosph\u00e4re in Verbindung mit franziskanischer Spiritualit\u00e4t.\u00a0Das Gebiet verf\u00fcgt \u00fcber ein so reiches k\u00fcnstlerisches und kulturelles Erbe dank\u00a0der Seraphischen Stadt, wo die\u00a0Basilika des Heiligen\u00a0Franziskus steht,\u00a0Zentrum der religi\u00f6sen Welt, das\u00a0zum Weltkulturerbe der UNESCO erkl\u00e4rt wurde.<\/div><\/div>\n\t\t\t\t<\/div><div class='clear'><\/div>\n<p>&nbsp;<\/p>\n<div class='one_third'>\n\t\t\t\t\t<div id=\"attachment_483\" style=\"width: 305px\" class=\"wp-caption alignnone\"><img loading=\"lazy\" decoding=\"async\" aria-describedby=\"caption-attachment-483\" class=\"size-full wp-image-483\" alt=\"HERMITAGE SOURCE AVELLANA 40 KM\" src=\"http:\/\/www.lavalledimenticata.it\/wp-content\/uploads\/2013\/03\/fonte-avellana.jpg\" width=\"295\" height=\"196\" srcset=\"https:\/\/www.lavalledimenticata.it\/wp-content\/uploads\/2013\/03\/fonte-avellana.jpg 295w, https:\/\/www.lavalledimenticata.it\/wp-content\/uploads\/2013\/03\/fonte-avellana-140x94.jpg 140w\" sizes=\"(max-width: 295px) 100vw, 295px\" \/><p id=\"caption-attachment-483\" class=\"wp-caption-text\">HERMITAGE SOURCE AVELLANA 40 KM<\/p><\/div>\n\t\t\t\t<\/div>\n<div class='one_half last'>\n\t\t\t\t\t<div class='et-box et-download'>\n\t\t\t\t\t<div class='et-box-content'>Die Uralte <strong>Eremo di Fonte Avellana <\/strong>steht als Schwerpunkt des Glaubens und der\u00a0Geschichte. Dieser Ort befindet sich an den\u00a0H\u00e4ngen des <em>Catria<\/em> und ist die Heimat des\u00a0Dichters <em>Dante<\/em>. Die Kirche der<em> Madonna del Pelingo<\/em>\u00a0zwischen <em>Furlo<\/em> und <em>Acqualagna <\/em>ist ein wichtiges Merkmal in dieser Gegend.<\/div><\/div>\n\t\t\t\t<\/div><div class='clear'><\/div>\n<p>&nbsp;<\/p>\n<div class='one_third'>\n\t\t\t\t\t<div id=\"attachment_484\" style=\"width: 305px\" class=\"wp-caption alignnone\"><img loading=\"lazy\" decoding=\"async\" aria-describedby=\"caption-attachment-484\" class=\"size-full wp-image-484\" alt=\"ACQUALAGNA 18 KM\" src=\"http:\/\/www.lavalledimenticata.it\/wp-content\/uploads\/2013\/03\/acqualagna.jpg\" width=\"295\" height=\"199\" srcset=\"https:\/\/www.lavalledimenticata.it\/wp-content\/uploads\/2013\/03\/acqualagna.jpg 295w, https:\/\/www.lavalledimenticata.it\/wp-content\/uploads\/2013\/03\/acqualagna-140x94.jpg 140w\" sizes=\"(max-width: 295px) 100vw, 295px\" \/><p id=\"caption-attachment-484\" class=\"wp-caption-text\">ACQUALAGNA 18 KM<\/p><\/div>\n\t\t\t\t<\/div>\n<div class='one_half last'>\n\t\t\t\t\t<div class='et-box et-download'>\n\t\t\t\t\t<div class='et-box-content'><strong>Acqualagna<\/strong> ist einer der am meist duftenden Orte\u00a0Italiens, hat einer\u00a0erdigen aber teuren\u00a0Duft, der Appetit aller Art weckt. Diese Gegend ist einer der weltweit meistgesuchten italienischen Hauptst\u00e4dte der Knollengem\u00fcse,\u00a0die legend\u00e4re wei\u00dfe Tr\u00fcffel, die hier \u00fcber eine der wichtigsten Produktionsstandorte verf\u00fcgt. Einerseits findet die Nationaltr\u00fcffelmesse an der\u00a0letzten Woche in Oktober und der\u00a0ersten Woche in November statt, andererseits wird die regionale Messe f\u00fcr schwarze Tr\u00fcffel am dritten\u00a0Sonntag in Februar und die Regionalsommertr\u00fcffel Messe 14.\u00a0und 15. August veranstaltet.<\/div><\/div>\n\t\t\t\t<\/div><div class='clear'><\/div>\n<p>&nbsp;<\/p>\n<div class='one_third'>\n\t\t\t\t\t<div id=\"attachment_485\" style=\"width: 305px\" class=\"wp-caption alignnone\"><img loading=\"lazy\" decoding=\"async\" aria-describedby=\"caption-attachment-485\" class=\"size-full wp-image-485\" alt=\"MONTE NERONE 30 KM\" src=\"http:\/\/www.lavalledimenticata.it\/wp-content\/uploads\/2013\/03\/monte-nerone.jpg\" width=\"295\" height=\"393\" srcset=\"https:\/\/www.lavalledimenticata.it\/wp-content\/uploads\/2013\/03\/monte-nerone.jpg 295w, https:\/\/www.lavalledimenticata.it\/wp-content\/uploads\/2013\/03\/monte-nerone-225x300.jpg 225w\" sizes=\"(max-width: 295px) 100vw, 295px\" \/><p id=\"caption-attachment-485\" class=\"wp-caption-text\">MONTE NERONE 30 KM<\/p><\/div>\n\t\t\t\t<\/div>\n<div class='one_half last'>\n\t\t\t\t\t<div class='et-box et-download'>\n\t\t\t\t\t<div class='et-box-content'>1.525 m hoch, <strong>Monte Nerone<\/strong>\u00a0ist zweifellos einer der\u00a0&#8222;st\u00e4rksten&#8220; Wege von dem ganzen Gebiet von Montefeltro und seine Urspr\u00fcnge\u00a0bieten\u00a0T\u00e4lern und Gipfeln, W\u00e4ldern, Wiesen, B\u00e4chen und Wasserf\u00e4llen. Es gibt zahlreiche H\u00f6hlen einschlie\u00dflich der von <em>Tassare<\/em>\u00a0(505 m Tiefe),\u00a0die drittbeliebteste\u00a0in der Welt und die nat\u00fcrlichen Bogen von <em>Fondarca<\/em>.<\/div><\/div>\n\t\t\t\t<\/div><div class='clear'><\/div>\n<p>&nbsp;<\/p>\n<p><img loading=\"lazy\" decoding=\"async\" class=\"alignleft  wp-image-1712\" style=\"width: 282px; height: 175px;\" alt=\"imagesTVEPUZVL\" src=\"http:\/\/www.lavalledimenticata.it\/wp-content\/uploads\/2014\/04\/imagesTVEPUZVL.jpg\" width=\"288\" height=\"175\" \/><\/p>\n<p>&nbsp;<\/p>\n<p>&nbsp;<\/p>\n<p>&nbsp;<\/p>\n<p>&nbsp;<\/p>\n<p>Wetter\u00a0Urbania <a href=\"http:\/\/www.ilmeteo.it\/meteo\/Urbania\" target=\"_blank\">http:\/\/www.ilmeteo.it\/meteo\/Urbania<\/a><\/p>\n","protected":false},"excerpt":{"rendered":"<p>&nbsp; &nbsp; &nbsp; &nbsp; &nbsp; &nbsp; &nbsp; &nbsp; &nbsp; &nbsp; &nbsp; &nbsp; &nbsp; &nbsp; &nbsp; &nbsp; &nbsp; &nbsp; &nbsp; &nbsp; &nbsp; &nbsp; Wetter\u00a0Urbania http:\/\/www.ilmeteo.it\/meteo\/Urbania<\/p>\n","protected":false},"author":4,"featured_media":4136,"parent":0,"menu_order":54,"comment_status":"open","ping_status":"open","template":"page-full.php","meta":{"footnotes":""},"class_list":["post-1006","page","type-page","status-publish","has-post-thumbnail","hentry"],"yoast_head":"<!-- This site is optimized with the Yoast SEO plugin v23.7 - https:\/\/yoast.com\/wordpress\/plugins\/seo\/ -->\n<title>Die Umgebung - Agriturismo nel Montefeltro, Marche<\/title>\n<meta name=\"description\" content=\"Die Umgebung - Agriturismo nel Montefeltro, provincia di Pesaro Urbino, nelle Marche\" \/>\n<meta name=\"robots\" content=\"index, follow, max-snippet:-1, max-image-preview:large, max-video-preview:-1\" \/>\n<link rel=\"canonical\" href=\"https:\/\/www.lavalledimenticata.it\/de\/die-umgebung\/\" \/>\n<meta property=\"og:locale\" content=\"de_DE\" \/>\n<meta property=\"og:type\" content=\"article\" \/>\n<meta property=\"og:title\" content=\"Die Umgebung - Agriturismo nel Montefeltro, Marche\" \/>\n<meta property=\"og:description\" content=\"Die Umgebung - Agriturismo nel Montefeltro, provincia di Pesaro Urbino, nelle Marche\" \/>\n<meta property=\"og:url\" content=\"https:\/\/www.lavalledimenticata.it\/de\/die-umgebung\/\" \/>\n<meta property=\"og:site_name\" content=\"Agriturismo La Valle Dimenticata\" \/>\n<meta property=\"article:modified_time\" content=\"2014-04-10T13:45:33+00:00\" \/>\n<meta property=\"og:image\" content=\"https:\/\/www.lavalledimenticata.it\/wp-content\/uploads\/2013\/03\/DSC_0735-640x425.jpg\" \/>\n\t<meta property=\"og:image:width\" content=\"640\" \/>\n\t<meta property=\"og:image:height\" content=\"425\" \/>\n\t<meta property=\"og:image:type\" content=\"image\/jpeg\" \/>\n<meta name=\"twitter:label1\" content=\"Gesch\u00e4tzte Lesezeit\" \/>\n\t<meta name=\"twitter:data1\" content=\"10\u00a0Minuten\" \/>\n<script type=\"application\/ld+json\" class=\"yoast-schema-graph\">{\"@context\":\"https:\/\/schema.org\",\"@graph\":[{\"@type\":\"WebPage\",\"@id\":\"https:\/\/www.lavalledimenticata.it\/de\/die-umgebung\/\",\"url\":\"https:\/\/www.lavalledimenticata.it\/de\/die-umgebung\/\",\"name\":\"Die Umgebung - Agriturismo nel Montefeltro, Marche\",\"isPartOf\":{\"@id\":\"https:\/\/www.lavalledimenticata.it\/#website\"},\"primaryImageOfPage\":{\"@id\":\"https:\/\/www.lavalledimenticata.it\/de\/die-umgebung\/#primaryimage\"},\"image\":{\"@id\":\"https:\/\/www.lavalledimenticata.it\/de\/die-umgebung\/#primaryimage\"},\"thumbnailUrl\":\"https:\/\/www.lavalledimenticata.it\/wp-content\/uploads\/2013\/03\/DSC_0735-640x425.jpg\",\"datePublished\":\"2013-03-05T16:41:55+00:00\",\"dateModified\":\"2014-04-10T13:45:33+00:00\",\"description\":\"Die Umgebung - Agriturismo nel Montefeltro, provincia di Pesaro Urbino, nelle Marche\",\"breadcrumb\":{\"@id\":\"https:\/\/www.lavalledimenticata.it\/de\/die-umgebung\/#breadcrumb\"},\"inLanguage\":\"de\",\"potentialAction\":[{\"@type\":\"ReadAction\",\"target\":[\"https:\/\/www.lavalledimenticata.it\/de\/die-umgebung\/\"]}]},{\"@type\":\"ImageObject\",\"inLanguage\":\"de\",\"@id\":\"https:\/\/www.lavalledimenticata.it\/de\/die-umgebung\/#primaryimage\",\"url\":\"https:\/\/www.lavalledimenticata.it\/wp-content\/uploads\/2013\/03\/DSC_0735-640x425.jpg\",\"contentUrl\":\"https:\/\/www.lavalledimenticata.it\/wp-content\/uploads\/2013\/03\/DSC_0735-640x425.jpg\",\"width\":640,\"height\":425,\"caption\":\"FRONTINO 35 KM\"},{\"@type\":\"BreadcrumbList\",\"@id\":\"https:\/\/www.lavalledimenticata.it\/de\/die-umgebung\/#breadcrumb\",\"itemListElement\":[{\"@type\":\"ListItem\",\"position\":1,\"name\":\"Home\",\"item\":\"https:\/\/www.lavalledimenticata.it\/\"},{\"@type\":\"ListItem\",\"position\":2,\"name\":\"Die Umgebung\"}]},{\"@type\":\"WebSite\",\"@id\":\"https:\/\/www.lavalledimenticata.it\/#website\",\"url\":\"https:\/\/www.lavalledimenticata.it\/\",\"name\":\"Agriturismo La Valle Dimenticata\",\"description\":\"\",\"potentialAction\":[{\"@type\":\"SearchAction\",\"target\":{\"@type\":\"EntryPoint\",\"urlTemplate\":\"https:\/\/www.lavalledimenticata.it\/?s={search_term_string}\"},\"query-input\":{\"@type\":\"PropertyValueSpecification\",\"valueRequired\":true,\"valueName\":\"search_term_string\"}}],\"inLanguage\":\"de\"}]}<\/script>\n<!-- \/ Yoast SEO plugin. -->","yoast_head_json":{"title":"Die Umgebung - Agriturismo nel Montefeltro, Marche","description":"Die Umgebung - Agriturismo nel Montefeltro, provincia di Pesaro Urbino, nelle Marche","robots":{"index":"index","follow":"follow","max-snippet":"max-snippet:-1","max-image-preview":"max-image-preview:large","max-video-preview":"max-video-preview:-1"},"canonical":"https:\/\/www.lavalledimenticata.it\/de\/die-umgebung\/","og_locale":"de_DE","og_type":"article","og_title":"Die Umgebung - Agriturismo nel Montefeltro, Marche","og_description":"Die Umgebung - Agriturismo nel Montefeltro, provincia di Pesaro Urbino, nelle Marche","og_url":"https:\/\/www.lavalledimenticata.it\/de\/die-umgebung\/","og_site_name":"Agriturismo La Valle Dimenticata","article_modified_time":"2014-04-10T13:45:33+00:00","og_image":[{"width":640,"height":425,"url":"https:\/\/www.lavalledimenticata.it\/wp-content\/uploads\/2013\/03\/DSC_0735-640x425.jpg","type":"image\/jpeg"}],"twitter_misc":{"Gesch\u00e4tzte Lesezeit":"10\u00a0Minuten"},"schema":{"@context":"https:\/\/schema.org","@graph":[{"@type":"WebPage","@id":"https:\/\/www.lavalledimenticata.it\/de\/die-umgebung\/","url":"https:\/\/www.lavalledimenticata.it\/de\/die-umgebung\/","name":"Die Umgebung - Agriturismo nel Montefeltro, Marche","isPartOf":{"@id":"https:\/\/www.lavalledimenticata.it\/#website"},"primaryImageOfPage":{"@id":"https:\/\/www.lavalledimenticata.it\/de\/die-umgebung\/#primaryimage"},"image":{"@id":"https:\/\/www.lavalledimenticata.it\/de\/die-umgebung\/#primaryimage"},"thumbnailUrl":"https:\/\/www.lavalledimenticata.it\/wp-content\/uploads\/2013\/03\/DSC_0735-640x425.jpg","datePublished":"2013-03-05T16:41:55+00:00","dateModified":"2014-04-10T13:45:33+00:00","description":"Die Umgebung - Agriturismo nel Montefeltro, provincia di Pesaro Urbino, nelle Marche","breadcrumb":{"@id":"https:\/\/www.lavalledimenticata.it\/de\/die-umgebung\/#breadcrumb"},"inLanguage":"de","potentialAction":[{"@type":"ReadAction","target":["https:\/\/www.lavalledimenticata.it\/de\/die-umgebung\/"]}]},{"@type":"ImageObject","inLanguage":"de","@id":"https:\/\/www.lavalledimenticata.it\/de\/die-umgebung\/#primaryimage","url":"https:\/\/www.lavalledimenticata.it\/wp-content\/uploads\/2013\/03\/DSC_0735-640x425.jpg","contentUrl":"https:\/\/www.lavalledimenticata.it\/wp-content\/uploads\/2013\/03\/DSC_0735-640x425.jpg","width":640,"height":425,"caption":"FRONTINO 35 KM"},{"@type":"BreadcrumbList","@id":"https:\/\/www.lavalledimenticata.it\/de\/die-umgebung\/#breadcrumb","itemListElement":[{"@type":"ListItem","position":1,"name":"Home","item":"https:\/\/www.lavalledimenticata.it\/"},{"@type":"ListItem","position":2,"name":"Die Umgebung"}]},{"@type":"WebSite","@id":"https:\/\/www.lavalledimenticata.it\/#website","url":"https:\/\/www.lavalledimenticata.it\/","name":"Agriturismo La Valle Dimenticata","description":"","potentialAction":[{"@type":"SearchAction","target":{"@type":"EntryPoint","urlTemplate":"https:\/\/www.lavalledimenticata.it\/?s={search_term_string}"},"query-input":{"@type":"PropertyValueSpecification","valueRequired":true,"valueName":"search_term_string"}}],"inLanguage":"de"}]}},"_links":{"self":[{"href":"https:\/\/www.lavalledimenticata.it\/de\/wp-json\/wp\/v2\/pages\/1006"}],"collection":[{"href":"https:\/\/www.lavalledimenticata.it\/de\/wp-json\/wp\/v2\/pages"}],"about":[{"href":"https:\/\/www.lavalledimenticata.it\/de\/wp-json\/wp\/v2\/types\/page"}],"author":[{"embeddable":true,"href":"https:\/\/www.lavalledimenticata.it\/de\/wp-json\/wp\/v2\/users\/4"}],"replies":[{"embeddable":true,"href":"https:\/\/www.lavalledimenticata.it\/de\/wp-json\/wp\/v2\/comments?post=1006"}],"version-history":[{"count":35,"href":"https:\/\/www.lavalledimenticata.it\/de\/wp-json\/wp\/v2\/pages\/1006\/revisions"}],"predecessor-version":[{"id":1734,"href":"https:\/\/www.lavalledimenticata.it\/de\/wp-json\/wp\/v2\/pages\/1006\/revisions\/1734"}],"wp:featuredmedia":[{"embeddable":true,"href":"https:\/\/www.lavalledimenticata.it\/de\/wp-json\/wp\/v2\/media\/4136"}],"wp:attachment":[{"href":"https:\/\/www.lavalledimenticata.it\/de\/wp-json\/wp\/v2\/media?parent=1006"}],"curies":[{"name":"wp","href":"https:\/\/api.w.org\/{rel}","templated":true}]}}