{"id":674,"date":"2013-09-13T11:02:56","date_gmt":"2013-09-13T09:02:56","guid":{"rendered":"http:\/\/www.lavalledimenticata.it\/?page_id=674"},"modified":"2020-09-27T13:12:11","modified_gmt":"2020-09-27T11:12:11","slug":"das-bauernhaus","status":"publish","type":"page","link":"https:\/\/www.lavalledimenticata.it\/de\/das-bauernhaus\/","title":{"rendered":"Das Bauernhaus"},"content":{"rendered":"<p style=\"text-align: justify;\">Verloren in der Landschaft von <em>Urbania<\/em>, <strong><em>La Valle Dimenticata<\/em> <\/strong>ist ein bezauberndes Bauernhaus in einem ruhigen Ort der Zuflucht. Einst war dieser Traumort geschlossen aber nun ist dieser erneut ge\u00f6ffnet.<\/p>\n<p style=\"text-align: justify;\">Wir befinden\u00a0uns im <strong>Herzen\u00a0von <em>Montefeltro<\/em><\/strong>, in der Region <em>Marche<\/em>, in einer h\u00fcgeligen und zur\u00fcckhaltenden Landschaft, jedoch nur 5 Minuten vom Dorf entfernt.<br \/>\nWir sind nur ein paar Kilometer von der sch\u00f6nen <em>Urbin<\/em>o entlegen, entlang der<strong> &#8222;Strada del Duca&#8220;<\/strong>, an der Grenze zwischen <em>Marche<\/em>, <em>Umbrien<\/em>, <em>Toskana<\/em> und <em>Romagna<\/em>, wo eine charmante und entspannte Atmosph\u00e4re herrscht.<\/p>\n<p style=\"text-align: justify;\">Mein Mann und ich haben uns\u00a0entschlossen eine Entscheidung f\u00fcr das Leben zu treffen, deswegen sind wir mit unseren zwei T\u00f6chtern\u00a0hierher gezogen. Wir verliebten uns sofort in die Stille sowie in die\u00a0Steine, die mit aller\u00a0Kraft\u00a0gegen der umgebenden\u00a0Natur k\u00e4mpften, um zu \u00fcberleben.<\/p>\n<p><img loading=\"lazy\" decoding=\"async\" class=\"aligncenter wp-image-3402 size-full\" src=\"http:\/\/www.lavalledimenticata.it\/wp-content\/uploads\/2013\/03\/IMG-20200622-WA0002-002.jpg\" alt=\"\" width=\"768\" height=\"1024\" srcset=\"https:\/\/www.lavalledimenticata.it\/wp-content\/uploads\/2013\/03\/IMG-20200622-WA0002-002.jpg 768w, https:\/\/www.lavalledimenticata.it\/wp-content\/uploads\/2013\/03\/IMG-20200622-WA0002-002-225x300.jpg 225w\" sizes=\"(max-width: 768px) 100vw, 768px\" \/><\/p>\n<p>&nbsp;<\/p>\n<p>Wir setzen all unsere Leidenschaft und unseren Mut ein, um diesen Ort aus einer\u00a0Ruine zu\u00a0einer\u00a0kleinen Ecke des Paradieses zu verwandeln.<br \/>\nNun besteht diese wundervolle Unterkunft aus unserem privaten Haus und zwei weitere Wohnungen, die f\u00fcr unsere lieben G\u00e4ste zu Verf\u00fcgung stehen.<\/p>\n<p><strong>Keine \u00dcberf\u00fcllung erlaubt<\/strong>: Die beiden Wohnungen k\u00f6nnen bis zu\u00a0maximal 8 G\u00e4ste besetzt werden, so dass Sie viel Privatsph\u00e4re und Ruhe genie\u00dfen.<br \/>\nUnsere G\u00e4ste werden die Wiederentdeckung der Stille in dem Wohlbefinden des K\u00f6rpers und Seele wiederfinden. \u00a0In jeder Jahreszeit k\u00f6nnen Sie V\u00f6gel durch ihren Gesang \u00a0erkennen, die Natur h\u00f6ren und den Frieden in vollen Z\u00fcgen genie\u00dfen.<\/p>\n","protected":false},"excerpt":{"rendered":"<p>Verloren in der Landschaft von Urbania, la Valle Dimenticata ist ein bezauberndes Bauernhaus in einem ruhigen Ort der Zuflucht. Einst war dieser Traumort geschlossen aber nun ist dieser erneut ge\u00f6ffnet. Wir befinden uns im Herzen von Montefeltro, in der Region Marche, in einer h\u00fcgeligen und zur\u00fcckhaltenden Landschaft, jedoch nur 5 Minuten vom Dorf entfernt. Wir sind nur ein paar Kilometer von dem sch\u00f6nen Urbino entlegen, entlang der \u201cStrada del Duca\u201d, an der Grenze zwischen Marche, Umbrien, Toskana und Romagna, wo eine charmante und entspannte Atmosph\u00e4re herrscht.<\/p>\n","protected":false},"author":3,"featured_media":3046,"parent":0,"menu_order":2,"comment_status":"open","ping_status":"open","template":"page-full.php","meta":{"footnotes":""},"class_list":["post-674","page","type-page","status-publish","has-post-thumbnail","hentry"],"yoast_head":"<!-- This site is optimized with the Yoast SEO plugin v23.7 - https:\/\/yoast.com\/wordpress\/plugins\/seo\/ -->\n<title>Das Bauernhaus - Agriturismo nel Montefeltro, Marche<\/title>\n<meta name=\"description\" content=\"Das Bauernhaus - Agriturismo nel Montefeltro, provincia di Pesaro Urbino, nelle Marche\" \/>\n<meta name=\"robots\" content=\"index, follow, max-snippet:-1, max-image-preview:large, max-video-preview:-1\" \/>\n<link rel=\"canonical\" href=\"https:\/\/www.lavalledimenticata.it\/de\/das-bauernhaus\/\" \/>\n<meta property=\"og:locale\" content=\"de_DE\" \/>\n<meta property=\"og:type\" content=\"article\" \/>\n<meta property=\"og:title\" content=\"Das Bauernhaus - Agriturismo nel Montefeltro, Marche\" \/>\n<meta property=\"og:description\" content=\"Das Bauernhaus - Agriturismo nel Montefeltro, provincia di Pesaro Urbino, nelle Marche\" \/>\n<meta property=\"og:url\" content=\"https:\/\/www.lavalledimenticata.it\/de\/das-bauernhaus\/\" \/>\n<meta property=\"og:site_name\" content=\"Agriturismo La Valle Dimenticata\" \/>\n<meta property=\"article:modified_time\" content=\"2020-09-27T11:12:11+00:00\" \/>\n<meta property=\"og:image\" content=\"https:\/\/www.lavalledimenticata.it\/wp-content\/uploads\/2018\/07\/DSC_0225.jpg\" \/>\n\t<meta property=\"og:image:width\" content=\"1200\" \/>\n\t<meta property=\"og:image:height\" content=\"797\" \/>\n\t<meta property=\"og:image:type\" content=\"image\/jpeg\" \/>\n<meta name=\"twitter:label1\" content=\"Gesch\u00e4tzte Lesezeit\" \/>\n\t<meta name=\"twitter:data1\" content=\"1\u00a0Minute\" \/>\n<script type=\"application\/ld+json\" class=\"yoast-schema-graph\">{\"@context\":\"https:\/\/schema.org\",\"@graph\":[{\"@type\":\"WebPage\",\"@id\":\"https:\/\/www.lavalledimenticata.it\/de\/das-bauernhaus\/\",\"url\":\"https:\/\/www.lavalledimenticata.it\/de\/das-bauernhaus\/\",\"name\":\"Das Bauernhaus - Agriturismo nel Montefeltro, Marche\",\"isPartOf\":{\"@id\":\"https:\/\/www.lavalledimenticata.it\/#website\"},\"primaryImageOfPage\":{\"@id\":\"https:\/\/www.lavalledimenticata.it\/de\/das-bauernhaus\/#primaryimage\"},\"image\":{\"@id\":\"https:\/\/www.lavalledimenticata.it\/de\/das-bauernhaus\/#primaryimage\"},\"thumbnailUrl\":\"https:\/\/www.lavalledimenticata.it\/wp-content\/uploads\/2018\/07\/DSC_0225.jpg\",\"datePublished\":\"2013-09-13T09:02:56+00:00\",\"dateModified\":\"2020-09-27T11:12:11+00:00\",\"description\":\"Das Bauernhaus - Agriturismo nel Montefeltro, provincia di Pesaro Urbino, nelle Marche\",\"breadcrumb\":{\"@id\":\"https:\/\/www.lavalledimenticata.it\/de\/das-bauernhaus\/#breadcrumb\"},\"inLanguage\":\"de\",\"potentialAction\":[{\"@type\":\"ReadAction\",\"target\":[\"https:\/\/www.lavalledimenticata.it\/de\/das-bauernhaus\/\"]}]},{\"@type\":\"ImageObject\",\"inLanguage\":\"de\",\"@id\":\"https:\/\/www.lavalledimenticata.it\/de\/das-bauernhaus\/#primaryimage\",\"url\":\"https:\/\/www.lavalledimenticata.it\/wp-content\/uploads\/2018\/07\/DSC_0225.jpg\",\"contentUrl\":\"https:\/\/www.lavalledimenticata.it\/wp-content\/uploads\/2018\/07\/DSC_0225.jpg\",\"width\":1200,\"height\":797},{\"@type\":\"BreadcrumbList\",\"@id\":\"https:\/\/www.lavalledimenticata.it\/de\/das-bauernhaus\/#breadcrumb\",\"itemListElement\":[{\"@type\":\"ListItem\",\"position\":1,\"name\":\"Home\",\"item\":\"https:\/\/www.lavalledimenticata.it\/\"},{\"@type\":\"ListItem\",\"position\":2,\"name\":\"Das Bauernhaus\"}]},{\"@type\":\"WebSite\",\"@id\":\"https:\/\/www.lavalledimenticata.it\/#website\",\"url\":\"https:\/\/www.lavalledimenticata.it\/\",\"name\":\"Agriturismo La Valle Dimenticata\",\"description\":\"\",\"potentialAction\":[{\"@type\":\"SearchAction\",\"target\":{\"@type\":\"EntryPoint\",\"urlTemplate\":\"https:\/\/www.lavalledimenticata.it\/?s={search_term_string}\"},\"query-input\":{\"@type\":\"PropertyValueSpecification\",\"valueRequired\":true,\"valueName\":\"search_term_string\"}}],\"inLanguage\":\"de\"}]}<\/script>\n<!-- \/ Yoast SEO plugin. -->","yoast_head_json":{"title":"Das Bauernhaus - Agriturismo nel Montefeltro, Marche","description":"Das Bauernhaus - Agriturismo nel Montefeltro, provincia di Pesaro Urbino, nelle Marche","robots":{"index":"index","follow":"follow","max-snippet":"max-snippet:-1","max-image-preview":"max-image-preview:large","max-video-preview":"max-video-preview:-1"},"canonical":"https:\/\/www.lavalledimenticata.it\/de\/das-bauernhaus\/","og_locale":"de_DE","og_type":"article","og_title":"Das Bauernhaus - Agriturismo nel Montefeltro, Marche","og_description":"Das Bauernhaus - Agriturismo nel Montefeltro, provincia di Pesaro Urbino, nelle Marche","og_url":"https:\/\/www.lavalledimenticata.it\/de\/das-bauernhaus\/","og_site_name":"Agriturismo La Valle Dimenticata","article_modified_time":"2020-09-27T11:12:11+00:00","og_image":[{"width":1200,"height":797,"url":"https:\/\/www.lavalledimenticata.it\/wp-content\/uploads\/2018\/07\/DSC_0225.jpg","type":"image\/jpeg"}],"twitter_misc":{"Gesch\u00e4tzte Lesezeit":"1\u00a0Minute"},"schema":{"@context":"https:\/\/schema.org","@graph":[{"@type":"WebPage","@id":"https:\/\/www.lavalledimenticata.it\/de\/das-bauernhaus\/","url":"https:\/\/www.lavalledimenticata.it\/de\/das-bauernhaus\/","name":"Das Bauernhaus - Agriturismo nel Montefeltro, Marche","isPartOf":{"@id":"https:\/\/www.lavalledimenticata.it\/#website"},"primaryImageOfPage":{"@id":"https:\/\/www.lavalledimenticata.it\/de\/das-bauernhaus\/#primaryimage"},"image":{"@id":"https:\/\/www.lavalledimenticata.it\/de\/das-bauernhaus\/#primaryimage"},"thumbnailUrl":"https:\/\/www.lavalledimenticata.it\/wp-content\/uploads\/2018\/07\/DSC_0225.jpg","datePublished":"2013-09-13T09:02:56+00:00","dateModified":"2020-09-27T11:12:11+00:00","description":"Das Bauernhaus - Agriturismo nel Montefeltro, provincia di Pesaro Urbino, nelle Marche","breadcrumb":{"@id":"https:\/\/www.lavalledimenticata.it\/de\/das-bauernhaus\/#breadcrumb"},"inLanguage":"de","potentialAction":[{"@type":"ReadAction","target":["https:\/\/www.lavalledimenticata.it\/de\/das-bauernhaus\/"]}]},{"@type":"ImageObject","inLanguage":"de","@id":"https:\/\/www.lavalledimenticata.it\/de\/das-bauernhaus\/#primaryimage","url":"https:\/\/www.lavalledimenticata.it\/wp-content\/uploads\/2018\/07\/DSC_0225.jpg","contentUrl":"https:\/\/www.lavalledimenticata.it\/wp-content\/uploads\/2018\/07\/DSC_0225.jpg","width":1200,"height":797},{"@type":"BreadcrumbList","@id":"https:\/\/www.lavalledimenticata.it\/de\/das-bauernhaus\/#breadcrumb","itemListElement":[{"@type":"ListItem","position":1,"name":"Home","item":"https:\/\/www.lavalledimenticata.it\/"},{"@type":"ListItem","position":2,"name":"Das Bauernhaus"}]},{"@type":"WebSite","@id":"https:\/\/www.lavalledimenticata.it\/#website","url":"https:\/\/www.lavalledimenticata.it\/","name":"Agriturismo La Valle Dimenticata","description":"","potentialAction":[{"@type":"SearchAction","target":{"@type":"EntryPoint","urlTemplate":"https:\/\/www.lavalledimenticata.it\/?s={search_term_string}"},"query-input":{"@type":"PropertyValueSpecification","valueRequired":true,"valueName":"search_term_string"}}],"inLanguage":"de"}]}},"_links":{"self":[{"href":"https:\/\/www.lavalledimenticata.it\/de\/wp-json\/wp\/v2\/pages\/674"}],"collection":[{"href":"https:\/\/www.lavalledimenticata.it\/de\/wp-json\/wp\/v2\/pages"}],"about":[{"href":"https:\/\/www.lavalledimenticata.it\/de\/wp-json\/wp\/v2\/types\/page"}],"author":[{"embeddable":true,"href":"https:\/\/www.lavalledimenticata.it\/de\/wp-json\/wp\/v2\/users\/3"}],"replies":[{"embeddable":true,"href":"https:\/\/www.lavalledimenticata.it\/de\/wp-json\/wp\/v2\/comments?post=674"}],"version-history":[{"count":11,"href":"https:\/\/www.lavalledimenticata.it\/de\/wp-json\/wp\/v2\/pages\/674\/revisions"}],"predecessor-version":[{"id":3418,"href":"https:\/\/www.lavalledimenticata.it\/de\/wp-json\/wp\/v2\/pages\/674\/revisions\/3418"}],"wp:featuredmedia":[{"embeddable":true,"href":"https:\/\/www.lavalledimenticata.it\/de\/wp-json\/wp\/v2\/media\/3046"}],"wp:attachment":[{"href":"https:\/\/www.lavalledimenticata.it\/de\/wp-json\/wp\/v2\/media?parent=674"}],"curies":[{"name":"wp","href":"https:\/\/api.w.org\/{rel}","templated":true}]}}