{"id":681,"date":"2013-09-13T11:33:34","date_gmt":"2013-09-13T09:33:34","guid":{"rendered":"http:\/\/www.lavalledimenticata.it\/?page_id=681"},"modified":"2014-04-11T23:43:56","modified_gmt":"2014-04-11T21:43:56","slug":"die-unterkunft","status":"publish","type":"page","link":"https:\/\/www.lavalledimenticata.it\/de\/das-bauernhaus\/die-unterkunft\/","title":{"rendered":"Die Unterkunft"},"content":{"rendered":"<p>Die Unterkunft besteht <a href=\"http:\/\/www.lavalledimenticata.it\/wp-content\/uploads\/2013\/03\/DSC_0670.jpg\"><img loading=\"lazy\" decoding=\"async\" class=\"size-medium wp-image-493 alignleft\" alt=\"casale\" src=\"http:\/\/www.lavalledimenticata.it\/wp-content\/uploads\/2013\/03\/DSC_0670-300x199.jpg\" width=\"300\" height=\"199\" \/><\/a>haupts\u00e4chlich aus ein\u00a0gro\u00dfes Haus, gebaut nach der typischen\u00a0l\u00e4ndlichen Struktur der Region <em>Marche<\/em>: die Au\u00dfenw\u00e4nde sind aus Sandstein, die\u00a0Kaminen aus Steinen gebaut, w\u00e4hrend\u00a0die Zimmer mit\u00a0Terrakotta-B\u00f6den, Holzbalkendecken aus Eiche und Kastanien Rahmen ausgestattet sind.<\/p>\n<p>Im Hintergrund befindet sich die Natur, einfach und wild zugleich, voller \u00dcberraschungen und landwirtschaftlichen Erzueugnissen.<\/p>\n<p>Unser Traum ist es, den Frieden, die Sch\u00f6nheit und die Magie dieses Ortes mit den G\u00e4sten zu teilen, so dass sie w\u00e4hrend ihres Aufenthalts in diesem Bauernhaus\u00a0die gleichen Emotionen empfinden, wie-wir- die Gastgeber.<\/p>\n<p>Das Leben \u00e4ndern &#8230;&#8230;&#8230; Diejenigen, die\u00a0keine\u00a0endg\u00fcltige Entscheidungen \u00fcber Lebensver\u00e4nderung\u00a0treffen k\u00f6nnen, erlauben sich, bei uns zumindest, eine tiefe\u00a0Entspannung \u00fcber einen l\u00e4ngeren erholsamen Zeitraum:\u00a0Tauchen Sie in verschiedenen Farben und Blumen ein, tr\u00e4umen\u00a0Sie mit uns und erleben Sie unser Haus, als w\u00e4re es &#8230;&#8230;&#8230;&#8230;&#8230;&#8230;.!<\/p>\n<p>&nbsp;<\/p>\n<p><strong>WIE DAS BAUERNHAUS HEUTE AUSSIEHT<\/strong><\/p>\n<p><div class='one_third'>\n\t\t\t\t\t<a href=\"http:\/\/www.lavalledimenticata.it\/wp-content\/uploads\/2013\/03\/casale2g.jpg\"><img loading=\"lazy\" decoding=\"async\" class=\"aligncenter size-medium wp-image-522\" alt=\"casale2g\" src=\"http:\/\/www.lavalledimenticata.it\/wp-content\/uploads\/2013\/03\/casale2g-300x199.jpg\" width=\"300\" height=\"199\" srcset=\"https:\/\/www.lavalledimenticata.it\/wp-content\/uploads\/2013\/03\/casale2g-300x199.jpg 300w, https:\/\/www.lavalledimenticata.it\/wp-content\/uploads\/2013\/03\/casale2g-1024x680.jpg 1024w, https:\/\/www.lavalledimenticata.it\/wp-content\/uploads\/2013\/03\/casale2g-207x136.jpg 207w, https:\/\/www.lavalledimenticata.it\/wp-content\/uploads\/2013\/03\/casale2g-140x94.jpg 140w, https:\/\/www.lavalledimenticata.it\/wp-content\/uploads\/2013\/03\/casale2g.jpg 1200w\" sizes=\"(max-width: 300px) 100vw, 300px\" \/><\/a>\n\t\t\t\t<\/div><div class='one_third'>\n\t\t\t\t\t<a href=\"http:\/\/www.lavalledimenticata.it\/wp-content\/uploads\/2013\/03\/casale2b.jpg\"><img loading=\"lazy\" decoding=\"async\" class=\"aligncenter size-medium wp-image-233\" alt=\"IS\" src=\"http:\/\/www.lavalledimenticata.it\/wp-content\/uploads\/2013\/03\/casale2b-300x199.jpg\" width=\"300\" height=\"199\" srcset=\"https:\/\/www.lavalledimenticata.it\/wp-content\/uploads\/2013\/03\/casale2b-300x199.jpg 300w, https:\/\/www.lavalledimenticata.it\/wp-content\/uploads\/2013\/03\/casale2b-1024x680.jpg 1024w, https:\/\/www.lavalledimenticata.it\/wp-content\/uploads\/2013\/03\/casale2b-207x136.jpg 207w, https:\/\/www.lavalledimenticata.it\/wp-content\/uploads\/2013\/03\/casale2b-140x94.jpg 140w, https:\/\/www.lavalledimenticata.it\/wp-content\/uploads\/2013\/03\/casale2b.jpg 1200w\" sizes=\"(max-width: 300px) 100vw, 300px\" \/><\/a>\n\t\t\t\t<\/div><div class='one_third last'>\n\t\t\t\t\t<a href=\"http:\/\/www.lavalledimenticata.it\/wp-content\/uploads\/2013\/03\/casale2h.jpg\"><img loading=\"lazy\" decoding=\"async\" class=\"aligncenter size-medium wp-image-523\" alt=\"casale2h\" src=\"http:\/\/www.lavalledimenticata.it\/wp-content\/uploads\/2013\/03\/casale2h-300x199.jpg\" width=\"300\" height=\"199\" srcset=\"https:\/\/www.lavalledimenticata.it\/wp-content\/uploads\/2013\/03\/casale2h-300x199.jpg 300w, https:\/\/www.lavalledimenticata.it\/wp-content\/uploads\/2013\/03\/casale2h-1024x680.jpg 1024w, https:\/\/www.lavalledimenticata.it\/wp-content\/uploads\/2013\/03\/casale2h-207x136.jpg 207w, https:\/\/www.lavalledimenticata.it\/wp-content\/uploads\/2013\/03\/casale2h-140x94.jpg 140w, https:\/\/www.lavalledimenticata.it\/wp-content\/uploads\/2013\/03\/casale2h.jpg 1200w\" sizes=\"(max-width: 300px) 100vw, 300px\" \/><\/a>\n\t\t\t\t<\/div><div class='clear'><\/div><\/p>\n<p>&nbsp;<\/p>\n<p><strong>WIE DAS BAUERNHAUS DAMALS AUSSAH<\/strong><br \/>\n<div class='one_third'>\n\t\t\t\t\t<a href=\"http:\/\/www.lavalledimenticata.it\/wp-content\/uploads\/2013\/03\/casale11.jpg\"><img loading=\"lazy\" decoding=\"async\" class=\"size-medium wp-image-215 aligncenter\" alt=\"com'era il casale\" src=\"http:\/\/www.lavalledimenticata.it\/wp-content\/uploads\/2013\/03\/casale11-300x199.jpg\" width=\"300\" height=\"199\" srcset=\"https:\/\/www.lavalledimenticata.it\/wp-content\/uploads\/2013\/03\/casale11-300x199.jpg 300w, https:\/\/www.lavalledimenticata.it\/wp-content\/uploads\/2013\/03\/casale11-1024x680.jpg 1024w, https:\/\/www.lavalledimenticata.it\/wp-content\/uploads\/2013\/03\/casale11-207x136.jpg 207w, https:\/\/www.lavalledimenticata.it\/wp-content\/uploads\/2013\/03\/casale11-140x94.jpg 140w, https:\/\/www.lavalledimenticata.it\/wp-content\/uploads\/2013\/03\/casale11.jpg 1200w\" sizes=\"(max-width: 300px) 100vw, 300px\" \/><\/a>\n\t\t\t\t<\/div><div class='one_third'>\n\t\t\t\t\t<a href=\"http:\/\/www.lavalledimenticata.it\/wp-content\/uploads\/2013\/03\/casale1b.jpg\"><img loading=\"lazy\" decoding=\"async\" class=\"aligncenter size-medium wp-image-226\" alt=\"WIE ES WAR\" src=\"http:\/\/www.lavalledimenticata.it\/wp-content\/uploads\/2013\/03\/casale1b-300x199.jpg\" width=\"300\" height=\"199\" srcset=\"https:\/\/www.lavalledimenticata.it\/wp-content\/uploads\/2013\/03\/casale1b-300x199.jpg 300w, https:\/\/www.lavalledimenticata.it\/wp-content\/uploads\/2013\/03\/casale1b-1024x680.jpg 1024w, https:\/\/www.lavalledimenticata.it\/wp-content\/uploads\/2013\/03\/casale1b-207x136.jpg 207w, https:\/\/www.lavalledimenticata.it\/wp-content\/uploads\/2013\/03\/casale1b-140x94.jpg 140w, https:\/\/www.lavalledimenticata.it\/wp-content\/uploads\/2013\/03\/casale1b.jpg 1200w\" sizes=\"(max-width: 300px) 100vw, 300px\" \/><\/a>\n\t\t\t\t<\/div><div class='one_third last'>\n\t\t\t\t\t<a href=\"http:\/\/www.lavalledimenticata.it\/wp-content\/uploads\/2013\/03\/casale1c.jpg\"><img loading=\"lazy\" decoding=\"async\" class=\"aligncenter size-medium wp-image-227\" alt=\"WIE ES WAR\" src=\"http:\/\/www.lavalledimenticata.it\/wp-content\/uploads\/2013\/03\/casale1c-300x199.jpg\" width=\"300\" height=\"199\" srcset=\"https:\/\/www.lavalledimenticata.it\/wp-content\/uploads\/2013\/03\/casale1c-300x199.jpg 300w, https:\/\/www.lavalledimenticata.it\/wp-content\/uploads\/2013\/03\/casale1c-1024x680.jpg 1024w, https:\/\/www.lavalledimenticata.it\/wp-content\/uploads\/2013\/03\/casale1c-207x136.jpg 207w, https:\/\/www.lavalledimenticata.it\/wp-content\/uploads\/2013\/03\/casale1c-140x94.jpg 140w, https:\/\/www.lavalledimenticata.it\/wp-content\/uploads\/2013\/03\/casale1c.jpg 1200w\" sizes=\"(max-width: 300px) 100vw, 300px\" \/><\/a>\n\t\t\t\t<\/div><div class='clear'><\/div><\/p>\n","protected":false},"excerpt":{"rendered":"<p>Die Unterkunft besteht haupts\u00e4chlich aus ein gro\u00dfes Haus, gebaut nach der typischen l\u00e4ndlichen Struktur der Region Marche: die Au\u00dfenw\u00e4nde sind aus Sandstein, die Kaminen aus Steinen gebaut, w\u00e4hrend die Zimmer mit Terrakotta-B\u00f6den,  Holzbalkendecken aus Eiche und Kastanien Rahmen ausgestattet sind.<br \/>\nIm Hintergrund befindet sich die Natur, einfach und wild zugleich, voller \u00dcberraschungen und landwirtschaftlichen Erzeugnissen.<\/p>\n","protected":false},"author":3,"featured_media":0,"parent":674,"menu_order":16,"comment_status":"open","ping_status":"open","template":"page-full.php","meta":{"footnotes":""},"class_list":["post-681","page","type-page","status-publish","hentry"],"yoast_head":"<!-- This site is optimized with the Yoast SEO plugin v23.7 - https:\/\/yoast.com\/wordpress\/plugins\/seo\/ -->\n<title>Die Unterkunft - Agriturismo nel Montefeltro, Marche<\/title>\n<meta name=\"description\" content=\"Die Unterkunft - Agriturismo nel Montefeltro, provincia di Pesaro Urbino, nelle Marche\" \/>\n<meta name=\"robots\" content=\"index, follow, max-snippet:-1, max-image-preview:large, max-video-preview:-1\" \/>\n<link rel=\"canonical\" href=\"https:\/\/www.lavalledimenticata.it\/de\/das-bauernhaus\/die-unterkunft\/\" \/>\n<meta property=\"og:locale\" content=\"de_DE\" \/>\n<meta property=\"og:type\" content=\"article\" \/>\n<meta property=\"og:title\" content=\"Die Unterkunft - Agriturismo nel Montefeltro, Marche\" \/>\n<meta property=\"og:description\" content=\"Die Unterkunft - Agriturismo nel Montefeltro, provincia di Pesaro Urbino, nelle Marche\" \/>\n<meta property=\"og:url\" content=\"https:\/\/www.lavalledimenticata.it\/de\/das-bauernhaus\/die-unterkunft\/\" \/>\n<meta property=\"og:site_name\" content=\"Agriturismo La Valle Dimenticata\" \/>\n<meta property=\"article:modified_time\" content=\"2014-04-11T21:43:56+00:00\" \/>\n<meta property=\"og:image\" content=\"http:\/\/www.lavalledimenticata.it\/wp-content\/uploads\/2013\/03\/DSC_0670-300x199.jpg\" \/>\n<meta name=\"twitter:label1\" content=\"Gesch\u00e4tzte Lesezeit\" \/>\n\t<meta name=\"twitter:data1\" content=\"1\u00a0Minute\" \/>\n<script type=\"application\/ld+json\" class=\"yoast-schema-graph\">{\"@context\":\"https:\/\/schema.org\",\"@graph\":[{\"@type\":\"WebPage\",\"@id\":\"https:\/\/www.lavalledimenticata.it\/de\/das-bauernhaus\/die-unterkunft\/\",\"url\":\"https:\/\/www.lavalledimenticata.it\/de\/das-bauernhaus\/die-unterkunft\/\",\"name\":\"Die Unterkunft - Agriturismo nel Montefeltro, Marche\",\"isPartOf\":{\"@id\":\"https:\/\/www.lavalledimenticata.it\/#website\"},\"primaryImageOfPage\":{\"@id\":\"https:\/\/www.lavalledimenticata.it\/de\/das-bauernhaus\/die-unterkunft\/#primaryimage\"},\"image\":{\"@id\":\"https:\/\/www.lavalledimenticata.it\/de\/das-bauernhaus\/die-unterkunft\/#primaryimage\"},\"thumbnailUrl\":\"http:\/\/www.lavalledimenticata.it\/wp-content\/uploads\/2013\/03\/DSC_0670-300x199.jpg\",\"datePublished\":\"2013-09-13T09:33:34+00:00\",\"dateModified\":\"2014-04-11T21:43:56+00:00\",\"description\":\"Die Unterkunft - Agriturismo nel Montefeltro, provincia di Pesaro Urbino, nelle Marche\",\"breadcrumb\":{\"@id\":\"https:\/\/www.lavalledimenticata.it\/de\/das-bauernhaus\/die-unterkunft\/#breadcrumb\"},\"inLanguage\":\"de\",\"potentialAction\":[{\"@type\":\"ReadAction\",\"target\":[\"https:\/\/www.lavalledimenticata.it\/de\/das-bauernhaus\/die-unterkunft\/\"]}]},{\"@type\":\"ImageObject\",\"inLanguage\":\"de\",\"@id\":\"https:\/\/www.lavalledimenticata.it\/de\/das-bauernhaus\/die-unterkunft\/#primaryimage\",\"url\":\"http:\/\/www.lavalledimenticata.it\/wp-content\/uploads\/2013\/03\/DSC_0670-300x199.jpg\",\"contentUrl\":\"http:\/\/www.lavalledimenticata.it\/wp-content\/uploads\/2013\/03\/DSC_0670-300x199.jpg\"},{\"@type\":\"BreadcrumbList\",\"@id\":\"https:\/\/www.lavalledimenticata.it\/de\/das-bauernhaus\/die-unterkunft\/#breadcrumb\",\"itemListElement\":[{\"@type\":\"ListItem\",\"position\":1,\"name\":\"Home\",\"item\":\"https:\/\/www.lavalledimenticata.it\/\"},{\"@type\":\"ListItem\",\"position\":2,\"name\":\"Das Bauernhaus\",\"item\":\"https:\/\/www.lavalledimenticata.it\/de\/das-bauernhaus\/\"},{\"@type\":\"ListItem\",\"position\":3,\"name\":\"Die Unterkunft\"}]},{\"@type\":\"WebSite\",\"@id\":\"https:\/\/www.lavalledimenticata.it\/#website\",\"url\":\"https:\/\/www.lavalledimenticata.it\/\",\"name\":\"Agriturismo La Valle Dimenticata\",\"description\":\"\",\"potentialAction\":[{\"@type\":\"SearchAction\",\"target\":{\"@type\":\"EntryPoint\",\"urlTemplate\":\"https:\/\/www.lavalledimenticata.it\/?s={search_term_string}\"},\"query-input\":{\"@type\":\"PropertyValueSpecification\",\"valueRequired\":true,\"valueName\":\"search_term_string\"}}],\"inLanguage\":\"de\"}]}<\/script>\n<!-- \/ Yoast SEO plugin. -->","yoast_head_json":{"title":"Die Unterkunft - Agriturismo nel Montefeltro, Marche","description":"Die Unterkunft - Agriturismo nel Montefeltro, provincia di Pesaro Urbino, nelle Marche","robots":{"index":"index","follow":"follow","max-snippet":"max-snippet:-1","max-image-preview":"max-image-preview:large","max-video-preview":"max-video-preview:-1"},"canonical":"https:\/\/www.lavalledimenticata.it\/de\/das-bauernhaus\/die-unterkunft\/","og_locale":"de_DE","og_type":"article","og_title":"Die Unterkunft - Agriturismo nel Montefeltro, Marche","og_description":"Die Unterkunft - Agriturismo nel Montefeltro, provincia di Pesaro Urbino, nelle Marche","og_url":"https:\/\/www.lavalledimenticata.it\/de\/das-bauernhaus\/die-unterkunft\/","og_site_name":"Agriturismo La Valle Dimenticata","article_modified_time":"2014-04-11T21:43:56+00:00","og_image":[{"url":"http:\/\/www.lavalledimenticata.it\/wp-content\/uploads\/2013\/03\/DSC_0670-300x199.jpg"}],"twitter_misc":{"Gesch\u00e4tzte Lesezeit":"1\u00a0Minute"},"schema":{"@context":"https:\/\/schema.org","@graph":[{"@type":"WebPage","@id":"https:\/\/www.lavalledimenticata.it\/de\/das-bauernhaus\/die-unterkunft\/","url":"https:\/\/www.lavalledimenticata.it\/de\/das-bauernhaus\/die-unterkunft\/","name":"Die Unterkunft - Agriturismo nel Montefeltro, Marche","isPartOf":{"@id":"https:\/\/www.lavalledimenticata.it\/#website"},"primaryImageOfPage":{"@id":"https:\/\/www.lavalledimenticata.it\/de\/das-bauernhaus\/die-unterkunft\/#primaryimage"},"image":{"@id":"https:\/\/www.lavalledimenticata.it\/de\/das-bauernhaus\/die-unterkunft\/#primaryimage"},"thumbnailUrl":"http:\/\/www.lavalledimenticata.it\/wp-content\/uploads\/2013\/03\/DSC_0670-300x199.jpg","datePublished":"2013-09-13T09:33:34+00:00","dateModified":"2014-04-11T21:43:56+00:00","description":"Die Unterkunft - Agriturismo nel Montefeltro, provincia di Pesaro Urbino, nelle Marche","breadcrumb":{"@id":"https:\/\/www.lavalledimenticata.it\/de\/das-bauernhaus\/die-unterkunft\/#breadcrumb"},"inLanguage":"de","potentialAction":[{"@type":"ReadAction","target":["https:\/\/www.lavalledimenticata.it\/de\/das-bauernhaus\/die-unterkunft\/"]}]},{"@type":"ImageObject","inLanguage":"de","@id":"https:\/\/www.lavalledimenticata.it\/de\/das-bauernhaus\/die-unterkunft\/#primaryimage","url":"http:\/\/www.lavalledimenticata.it\/wp-content\/uploads\/2013\/03\/DSC_0670-300x199.jpg","contentUrl":"http:\/\/www.lavalledimenticata.it\/wp-content\/uploads\/2013\/03\/DSC_0670-300x199.jpg"},{"@type":"BreadcrumbList","@id":"https:\/\/www.lavalledimenticata.it\/de\/das-bauernhaus\/die-unterkunft\/#breadcrumb","itemListElement":[{"@type":"ListItem","position":1,"name":"Home","item":"https:\/\/www.lavalledimenticata.it\/"},{"@type":"ListItem","position":2,"name":"Das Bauernhaus","item":"https:\/\/www.lavalledimenticata.it\/de\/das-bauernhaus\/"},{"@type":"ListItem","position":3,"name":"Die Unterkunft"}]},{"@type":"WebSite","@id":"https:\/\/www.lavalledimenticata.it\/#website","url":"https:\/\/www.lavalledimenticata.it\/","name":"Agriturismo La Valle Dimenticata","description":"","potentialAction":[{"@type":"SearchAction","target":{"@type":"EntryPoint","urlTemplate":"https:\/\/www.lavalledimenticata.it\/?s={search_term_string}"},"query-input":{"@type":"PropertyValueSpecification","valueRequired":true,"valueName":"search_term_string"}}],"inLanguage":"de"}]}},"_links":{"self":[{"href":"https:\/\/www.lavalledimenticata.it\/de\/wp-json\/wp\/v2\/pages\/681"}],"collection":[{"href":"https:\/\/www.lavalledimenticata.it\/de\/wp-json\/wp\/v2\/pages"}],"about":[{"href":"https:\/\/www.lavalledimenticata.it\/de\/wp-json\/wp\/v2\/types\/page"}],"author":[{"embeddable":true,"href":"https:\/\/www.lavalledimenticata.it\/de\/wp-json\/wp\/v2\/users\/3"}],"replies":[{"embeddable":true,"href":"https:\/\/www.lavalledimenticata.it\/de\/wp-json\/wp\/v2\/comments?post=681"}],"version-history":[{"count":6,"href":"https:\/\/www.lavalledimenticata.it\/de\/wp-json\/wp\/v2\/pages\/681\/revisions"}],"predecessor-version":[{"id":1779,"href":"https:\/\/www.lavalledimenticata.it\/de\/wp-json\/wp\/v2\/pages\/681\/revisions\/1779"}],"up":[{"embeddable":true,"href":"https:\/\/www.lavalledimenticata.it\/de\/wp-json\/wp\/v2\/pages\/674"}],"wp:attachment":[{"href":"https:\/\/www.lavalledimenticata.it\/de\/wp-json\/wp\/v2\/media?parent=681"}],"curies":[{"name":"wp","href":"https:\/\/api.w.org\/{rel}","templated":true}]}}